{"id":20604,"date":"2026-01-22T23:12:28","date_gmt":"2026-01-22T23:12:28","guid":{"rendered":"https:\/\/urbanhouse360.com\/?post_type=property&#038;p=20604"},"modified":"2026-02-11T08:23:53","modified_gmt":"2026-02-11T08:23:53","slug":"lintimite-dun-t3-coeur-de-ville","status":"publish","type":"property","link":"https:\/\/urbanhouse360.com\/index.php\/propriete\/lintimite-dun-t3-coeur-de-ville\/","title":{"rendered":"L&#8217;INTIMIT\u00c9 D&#8217;UN T3 COEUR DE VILLE"},"content":{"rendered":"<h2 data-start=\"181\" data-end=\"228\">\ud83c\udfe1 <strong data-start=\"187\" data-end=\"226\">C\u0152UR ARZAC \u2013 Toulouse Saint-Cyprien<\/strong><\/h2>\n<p><img fetchpriority=\"high\" decoding=\"async\" class=\"alignnone wp-image-20612 size-full\" src=\"https:\/\/urbanhouse360.com\/wp-content\/uploads\/2025\/10\/T3-R2-Coeur-Arzac-20816_defurnished.jpg\" alt=\"\" width=\"1920\" height=\"1080\" srcset=\"https:\/\/urbanhouse360.com\/wp-content\/uploads\/2025\/10\/T3-R2-Coeur-Arzac-20816_defurnished.jpg 1920w, https:\/\/urbanhouse360.com\/wp-content\/uploads\/2025\/10\/T3-R2-Coeur-Arzac-20816_defurnished-300x169.jpg 300w, https:\/\/urbanhouse360.com\/wp-content\/uploads\/2025\/10\/T3-R2-Coeur-Arzac-20816_defurnished-1024x576.jpg 1024w, https:\/\/urbanhouse360.com\/wp-content\/uploads\/2025\/10\/T3-R2-Coeur-Arzac-20816_defurnished-768x432.jpg 768w, https:\/\/urbanhouse360.com\/wp-content\/uploads\/2025\/10\/T3-R2-Coeur-Arzac-20816_defurnished-1536x864.jpg 1536w, https:\/\/urbanhouse360.com\/wp-content\/uploads\/2025\/10\/T3-R2-Coeur-Arzac-20816_defurnished-1067x600.jpg 1067w, https:\/\/urbanhouse360.com\/wp-content\/uploads\/2025\/10\/T3-R2-Coeur-Arzac-20816_defurnished-496x279.jpg 496w\" sizes=\"(max-width: 1920px) 100vw, 1920px\" \/><\/p>\n<h3 data-start=\"229\" data-end=\"322\"><strong data-start=\"233\" data-end=\"322\">Appartements T3 et T4 \u2013 Un lieu de vie coup de c\u0153ur dans un quartier historique pris\u00e9<\/strong><\/h3>\n<hr data-start=\"324\" data-end=\"327\" \/>\n<h3 data-start=\"329\" data-end=\"365\">\u2764\ufe0f <strong data-start=\"336\" data-end=\"365\">L\u2019esprit de Saint-Cyprien<\/strong><\/h3>\n<p data-start=\"366\" data-end=\"800\">\u00c0 deux pas de la Garonne et du Pont Neuf, nich\u00e9e <strong data-start=\"415\" data-end=\"441\">3 impasse Beno\u00eet Arzac<\/strong>, la r\u00e9sidence <strong data-start=\"456\" data-end=\"470\">C\u0153ur Arzac<\/strong> s\u2019\u00e9panouit au c\u0153ur du quartier <strong data-start=\"502\" data-end=\"519\">Saint-Cyprien<\/strong>, entre effervescence urbaine et charme villageois.<\/p>\n<p data-start=\"366\" data-end=\"800\"><img decoding=\"async\" class=\"alignnone wp-image-20611 size-full\" src=\"https:\/\/urbanhouse360.com\/wp-content\/uploads\/2025\/10\/T3-R2-Coeur-Arzac-Balcony-Defurnished.jpg\" alt=\"\" width=\"1920\" height=\"1080\" srcset=\"https:\/\/urbanhouse360.com\/wp-content\/uploads\/2025\/10\/T3-R2-Coeur-Arzac-Balcony-Defurnished.jpg 1920w, https:\/\/urbanhouse360.com\/wp-content\/uploads\/2025\/10\/T3-R2-Coeur-Arzac-Balcony-Defurnished-300x169.jpg 300w, https:\/\/urbanhouse360.com\/wp-content\/uploads\/2025\/10\/T3-R2-Coeur-Arzac-Balcony-Defurnished-1024x576.jpg 1024w, https:\/\/urbanhouse360.com\/wp-content\/uploads\/2025\/10\/T3-R2-Coeur-Arzac-Balcony-Defurnished-768x432.jpg 768w, https:\/\/urbanhouse360.com\/wp-content\/uploads\/2025\/10\/T3-R2-Coeur-Arzac-Balcony-Defurnished-1536x864.jpg 1536w, https:\/\/urbanhouse360.com\/wp-content\/uploads\/2025\/10\/T3-R2-Coeur-Arzac-Balcony-Defurnished-1067x600.jpg 1067w, https:\/\/urbanhouse360.com\/wp-content\/uploads\/2025\/10\/T3-R2-Coeur-Arzac-Balcony-Defurnished-496x279.jpg 496w\" sizes=\"(max-width: 1920px) 100vw, 1920px\" \/><\/p>\n<p data-start=\"366\" data-end=\"800\"><br data-start=\"570\" data-end=\"573\" \/>L\u2019adresse s\u00e9duit par sa <strong data-start=\"597\" data-end=\"618\">tranquillit\u00e9 rare<\/strong>, tout en b\u00e9n\u00e9ficiant de la vitalit\u00e9 de ce quartier embl\u00e9matique : <strong data-start=\"685\" data-end=\"778\">march\u00e9 couvert, commerces, restaurants, th\u00e9\u00e2tre, Prairie des Filtres, mus\u00e9e des Abattoirs<\/strong>\u2026 tout se fait \u00e0 pied.<\/p>\n<hr data-start=\"802\" data-end=\"805\" \/>\n<h3 data-start=\"807\" data-end=\"842\">\u2728 <strong data-start=\"813\" data-end=\"842\">Une r\u00e9sidence d\u2019exception<\/strong><\/h3>\n<p data-start=\"843\" data-end=\"1211\">Lov\u00e9e dans une impasse confidentielle, <strong data-start=\"882\" data-end=\"896\">C\u0153ur Arzac<\/strong> m\u00eale subtilement <strong data-start=\"914\" data-end=\"969\">architecture contemporaine et mat\u00e9riaux toulousains<\/strong> : briques pleines, tuiles canal, claustras en terre cuite et garde-corps \u00e0 motifs v\u00e9g\u00e9taux.<\/p>\n<p data-start=\"843\" data-end=\"1211\"><br data-start=\"1061\" data-end=\"1064\" \/>Les b\u00e2timents, entour\u00e9s de jardins paysagers, offrent <strong data-start=\"1118\" data-end=\"1155\">une ambiance apais\u00e9e et lumineuse<\/strong> avec des loggias, terrasses et de larges baies vitr\u00e9es.<\/p>\n<hr data-start=\"1213\" data-end=\"1216\" \/>\n<h3 data-start=\"1218\" data-end=\"1245\">\ud83c\udf3f <strong data-start=\"1225\" data-end=\"1245\">Les appartements<\/strong><\/h3>\n<ul data-start=\"1246\" data-end=\"1839\">\n<li data-start=\"1246\" data-end=\"1314\">\n<p data-start=\"1248\" data-end=\"1314\"><strong data-start=\"1248\" data-end=\"1272\">T3\u00a0 de standing<\/strong>, du rez-de-chauss\u00e9e aux derniers \u00e9tages<\/p>\n<\/li>\n<\/ul>\n<p><img decoding=\"async\" class=\"alignnone wp-image-20619 size-full\" src=\"https:\/\/urbanhouse360.com\/wp-content\/uploads\/2025\/10\/T3-R2-Coeur-Arzac-20100_defurnished.jpg\" alt=\"\" width=\"1920\" height=\"1080\" srcset=\"https:\/\/urbanhouse360.com\/wp-content\/uploads\/2025\/10\/T3-R2-Coeur-Arzac-20100_defurnished.jpg 1920w, https:\/\/urbanhouse360.com\/wp-content\/uploads\/2025\/10\/T3-R2-Coeur-Arzac-20100_defurnished-300x169.jpg 300w, https:\/\/urbanhouse360.com\/wp-content\/uploads\/2025\/10\/T3-R2-Coeur-Arzac-20100_defurnished-1024x576.jpg 1024w, https:\/\/urbanhouse360.com\/wp-content\/uploads\/2025\/10\/T3-R2-Coeur-Arzac-20100_defurnished-768x432.jpg 768w, https:\/\/urbanhouse360.com\/wp-content\/uploads\/2025\/10\/T3-R2-Coeur-Arzac-20100_defurnished-1536x864.jpg 1536w, https:\/\/urbanhouse360.com\/wp-content\/uploads\/2025\/10\/T3-R2-Coeur-Arzac-20100_defurnished-1067x600.jpg 1067w, https:\/\/urbanhouse360.com\/wp-content\/uploads\/2025\/10\/T3-R2-Coeur-Arzac-20100_defurnished-496x279.jpg 496w\" sizes=\"(max-width: 1920px) 100vw, 1920px\" \/><\/p>\n<p><img loading=\"lazy\" decoding=\"async\" class=\"alignnone wp-image-20626 size-full\" src=\"https:\/\/urbanhouse360.com\/wp-content\/uploads\/2025\/10\/T3-R2-Coeur-Arzac-15605.jpg\" alt=\"\" width=\"1920\" height=\"1080\" srcset=\"https:\/\/urbanhouse360.com\/wp-content\/uploads\/2025\/10\/T3-R2-Coeur-Arzac-15605.jpg 1920w, https:\/\/urbanhouse360.com\/wp-content\/uploads\/2025\/10\/T3-R2-Coeur-Arzac-15605-300x169.jpg 300w, https:\/\/urbanhouse360.com\/wp-content\/uploads\/2025\/10\/T3-R2-Coeur-Arzac-15605-1024x576.jpg 1024w, https:\/\/urbanhouse360.com\/wp-content\/uploads\/2025\/10\/T3-R2-Coeur-Arzac-15605-768x432.jpg 768w, https:\/\/urbanhouse360.com\/wp-content\/uploads\/2025\/10\/T3-R2-Coeur-Arzac-15605-1536x864.jpg 1536w, https:\/\/urbanhouse360.com\/wp-content\/uploads\/2025\/10\/T3-R2-Coeur-Arzac-15605-1067x600.jpg 1067w, https:\/\/urbanhouse360.com\/wp-content\/uploads\/2025\/10\/T3-R2-Coeur-Arzac-15605-496x279.jpg 496w\" sizes=\"(max-width: 1920px) 100vw, 1920px\" \/><\/p>\n<p><img loading=\"lazy\" decoding=\"async\" class=\"alignnone wp-image-20623 size-full\" src=\"https:\/\/urbanhouse360.com\/wp-content\/uploads\/2025\/10\/T3-R2-Coeur-Arzac-15809.jpg\" alt=\"\" width=\"1920\" height=\"1080\" srcset=\"https:\/\/urbanhouse360.com\/wp-content\/uploads\/2025\/10\/T3-R2-Coeur-Arzac-15809.jpg 1920w, https:\/\/urbanhouse360.com\/wp-content\/uploads\/2025\/10\/T3-R2-Coeur-Arzac-15809-300x169.jpg 300w, https:\/\/urbanhouse360.com\/wp-content\/uploads\/2025\/10\/T3-R2-Coeur-Arzac-15809-1024x576.jpg 1024w, https:\/\/urbanhouse360.com\/wp-content\/uploads\/2025\/10\/T3-R2-Coeur-Arzac-15809-768x432.jpg 768w, https:\/\/urbanhouse360.com\/wp-content\/uploads\/2025\/10\/T3-R2-Coeur-Arzac-15809-1536x864.jpg 1536w, https:\/\/urbanhouse360.com\/wp-content\/uploads\/2025\/10\/T3-R2-Coeur-Arzac-15809-1067x600.jpg 1067w, https:\/\/urbanhouse360.com\/wp-content\/uploads\/2025\/10\/T3-R2-Coeur-Arzac-15809-496x279.jpg 496w\" sizes=\"(max-width: 1920px) 100vw, 1920px\" \/><\/p>\n<h2 data-start=\"1282\" data-end=\"1536\">Consulter la visite virtuelle :<\/h2>\n<div style=\"position: relative; padding-bottom: 56.25%; height: 0; overflow: hidden; max-width: 100%;\"><iframe style=\"position: absolute; top: 0; left: 0; width: 100%; height: 100%;\" src=\"https:\/\/my.matterport.com\/show\/?m=uwteCA4tsqc\" frameborder=\"0\" allowfullscreen=\"allowfullscreen\"><span data-mce-type=\"bookmark\" style=\"display: inline-block; width: 0px; overflow: hidden; line-height: 0;\" class=\"mce_SELRES_start\">\ufeff<\/span><span data-mce-type=\"bookmark\" style=\"display: inline-block; width: 0px; overflow: hidden; line-height: 0;\" class=\"mce_SELRES_start\">\ufeff<\/span><br \/>\n<\/iframe><\/div>\n<p>&nbsp;<\/p>\n<p><img decoding=\"async\" class=\"alignnone wp-image-20619 size-full\" src=\"https:\/\/urbanhouse360.com\/wp-content\/uploads\/2025\/10\/T3-R2-Coeur-Arzac-20100_defurnished.jpg\" alt=\"\" width=\"1920\" height=\"1080\" srcset=\"https:\/\/urbanhouse360.com\/wp-content\/uploads\/2025\/10\/T3-R2-Coeur-Arzac-20100_defurnished.jpg 1920w, https:\/\/urbanhouse360.com\/wp-content\/uploads\/2025\/10\/T3-R2-Coeur-Arzac-20100_defurnished-300x169.jpg 300w, https:\/\/urbanhouse360.com\/wp-content\/uploads\/2025\/10\/T3-R2-Coeur-Arzac-20100_defurnished-1024x576.jpg 1024w, https:\/\/urbanhouse360.com\/wp-content\/uploads\/2025\/10\/T3-R2-Coeur-Arzac-20100_defurnished-768x432.jpg 768w, https:\/\/urbanhouse360.com\/wp-content\/uploads\/2025\/10\/T3-R2-Coeur-Arzac-20100_defurnished-1536x864.jpg 1536w, https:\/\/urbanhouse360.com\/wp-content\/uploads\/2025\/10\/T3-R2-Coeur-Arzac-20100_defurnished-1067x600.jpg 1067w, https:\/\/urbanhouse360.com\/wp-content\/uploads\/2025\/10\/T3-R2-Coeur-Arzac-20100_defurnished-496x279.jpg 496w\" sizes=\"(max-width: 1920px) 100vw, 1920px\" \/><\/p>\n<p><img loading=\"lazy\" decoding=\"async\" class=\"alignnone wp-image-20618 size-full\" src=\"https:\/\/urbanhouse360.com\/wp-content\/uploads\/2025\/10\/T3-R2-Coeur-Arzac-20135_defurnished.jpg\" alt=\"\" width=\"1920\" height=\"1080\" srcset=\"https:\/\/urbanhouse360.com\/wp-content\/uploads\/2025\/10\/T3-R2-Coeur-Arzac-20135_defurnished.jpg 1920w, https:\/\/urbanhouse360.com\/wp-content\/uploads\/2025\/10\/T3-R2-Coeur-Arzac-20135_defurnished-300x169.jpg 300w, https:\/\/urbanhouse360.com\/wp-content\/uploads\/2025\/10\/T3-R2-Coeur-Arzac-20135_defurnished-1024x576.jpg 1024w, https:\/\/urbanhouse360.com\/wp-content\/uploads\/2025\/10\/T3-R2-Coeur-Arzac-20135_defurnished-768x432.jpg 768w, https:\/\/urbanhouse360.com\/wp-content\/uploads\/2025\/10\/T3-R2-Coeur-Arzac-20135_defurnished-1536x864.jpg 1536w, https:\/\/urbanhouse360.com\/wp-content\/uploads\/2025\/10\/T3-R2-Coeur-Arzac-20135_defurnished-1067x600.jpg 1067w, https:\/\/urbanhouse360.com\/wp-content\/uploads\/2025\/10\/T3-R2-Coeur-Arzac-20135_defurnished-496x279.jpg 496w\" sizes=\"(max-width: 1920px) 100vw, 1920px\" \/><\/p>\n<p><img loading=\"lazy\" decoding=\"async\" class=\"alignnone wp-image-20617 size-full\" src=\"https:\/\/urbanhouse360.com\/wp-content\/uploads\/2025\/10\/T3-R2-Coeur-Arzac-20153_defurnished.jpg\" alt=\"\" width=\"1920\" height=\"1080\" srcset=\"https:\/\/urbanhouse360.com\/wp-content\/uploads\/2025\/10\/T3-R2-Coeur-Arzac-20153_defurnished.jpg 1920w, https:\/\/urbanhouse360.com\/wp-content\/uploads\/2025\/10\/T3-R2-Coeur-Arzac-20153_defurnished-300x169.jpg 300w, https:\/\/urbanhouse360.com\/wp-content\/uploads\/2025\/10\/T3-R2-Coeur-Arzac-20153_defurnished-1024x576.jpg 1024w, https:\/\/urbanhouse360.com\/wp-content\/uploads\/2025\/10\/T3-R2-Coeur-Arzac-20153_defurnished-768x432.jpg 768w, https:\/\/urbanhouse360.com\/wp-content\/uploads\/2025\/10\/T3-R2-Coeur-Arzac-20153_defurnished-1536x864.jpg 1536w, https:\/\/urbanhouse360.com\/wp-content\/uploads\/2025\/10\/T3-R2-Coeur-Arzac-20153_defurnished-1067x600.jpg 1067w, https:\/\/urbanhouse360.com\/wp-content\/uploads\/2025\/10\/T3-R2-Coeur-Arzac-20153_defurnished-496x279.jpg 496w\" sizes=\"(max-width: 1920px) 100vw, 1920px\" \/><\/p>\n<p><img loading=\"lazy\" decoding=\"async\" class=\"alignnone wp-image-20614 size-full\" src=\"https:\/\/urbanhouse360.com\/wp-content\/uploads\/2025\/10\/T3-R2-Coeur-Arzac-20310_defurnished.jpg\" alt=\"\" width=\"1920\" height=\"1080\" srcset=\"https:\/\/urbanhouse360.com\/wp-content\/uploads\/2025\/10\/T3-R2-Coeur-Arzac-20310_defurnished.jpg 1920w, https:\/\/urbanhouse360.com\/wp-content\/uploads\/2025\/10\/T3-R2-Coeur-Arzac-20310_defurnished-300x169.jpg 300w, https:\/\/urbanhouse360.com\/wp-content\/uploads\/2025\/10\/T3-R2-Coeur-Arzac-20310_defurnished-1024x576.jpg 1024w, https:\/\/urbanhouse360.com\/wp-content\/uploads\/2025\/10\/T3-R2-Coeur-Arzac-20310_defurnished-768x432.jpg 768w, https:\/\/urbanhouse360.com\/wp-content\/uploads\/2025\/10\/T3-R2-Coeur-Arzac-20310_defurnished-1536x864.jpg 1536w, https:\/\/urbanhouse360.com\/wp-content\/uploads\/2025\/10\/T3-R2-Coeur-Arzac-20310_defurnished-1067x600.jpg 1067w, https:\/\/urbanhouse360.com\/wp-content\/uploads\/2025\/10\/T3-R2-Coeur-Arzac-20310_defurnished-496x279.jpg 496w\" sizes=\"(max-width: 1920px) 100vw, 1920px\" \/><\/p>\n<p><img loading=\"lazy\" decoding=\"async\" class=\"alignnone wp-image-20616 size-full\" src=\"https:\/\/urbanhouse360.com\/wp-content\/uploads\/2025\/10\/T3-R2-Coeur-Arzac-20216_defurnished.jpg\" alt=\"\" width=\"1920\" height=\"1080\" srcset=\"https:\/\/urbanhouse360.com\/wp-content\/uploads\/2025\/10\/T3-R2-Coeur-Arzac-20216_defurnished.jpg 1920w, https:\/\/urbanhouse360.com\/wp-content\/uploads\/2025\/10\/T3-R2-Coeur-Arzac-20216_defurnished-300x169.jpg 300w, https:\/\/urbanhouse360.com\/wp-content\/uploads\/2025\/10\/T3-R2-Coeur-Arzac-20216_defurnished-1024x576.jpg 1024w, https:\/\/urbanhouse360.com\/wp-content\/uploads\/2025\/10\/T3-R2-Coeur-Arzac-20216_defurnished-768x432.jpg 768w, https:\/\/urbanhouse360.com\/wp-content\/uploads\/2025\/10\/T3-R2-Coeur-Arzac-20216_defurnished-1536x864.jpg 1536w, https:\/\/urbanhouse360.com\/wp-content\/uploads\/2025\/10\/T3-R2-Coeur-Arzac-20216_defurnished-1067x600.jpg 1067w, https:\/\/urbanhouse360.com\/wp-content\/uploads\/2025\/10\/T3-R2-Coeur-Arzac-20216_defurnished-496x279.jpg 496w\" sizes=\"(max-width: 1920px) 100vw, 1920px\" \/><\/p>\n<ul data-start=\"1246\" data-end=\"1839\">\n<li><strong data-start=\"1317\" data-end=\"1352\">Terrasses et loggias spacieuses\u00a0<\/strong><\/li>\n<\/ul>\n<p><img loading=\"lazy\" decoding=\"async\" class=\"alignnone wp-image-20624 size-full\" src=\"https:\/\/urbanhouse360.com\/wp-content\/uploads\/2025\/10\/T3-R2-Coeur-Arzac-15730.jpg\" alt=\"\" width=\"1920\" height=\"1080\" srcset=\"https:\/\/urbanhouse360.com\/wp-content\/uploads\/2025\/10\/T3-R2-Coeur-Arzac-15730.jpg 1920w, https:\/\/urbanhouse360.com\/wp-content\/uploads\/2025\/10\/T3-R2-Coeur-Arzac-15730-300x169.jpg 300w, https:\/\/urbanhouse360.com\/wp-content\/uploads\/2025\/10\/T3-R2-Coeur-Arzac-15730-1024x576.jpg 1024w, https:\/\/urbanhouse360.com\/wp-content\/uploads\/2025\/10\/T3-R2-Coeur-Arzac-15730-768x432.jpg 768w, https:\/\/urbanhouse360.com\/wp-content\/uploads\/2025\/10\/T3-R2-Coeur-Arzac-15730-1536x864.jpg 1536w, https:\/\/urbanhouse360.com\/wp-content\/uploads\/2025\/10\/T3-R2-Coeur-Arzac-15730-1067x600.jpg 1067w, https:\/\/urbanhouse360.com\/wp-content\/uploads\/2025\/10\/T3-R2-Coeur-Arzac-15730-496x279.jpg 496w\" sizes=\"(max-width: 1920px) 100vw, 1920px\" \/><\/p>\n<p><img loading=\"lazy\" decoding=\"async\" class=\"alignnone wp-image-20620 size-full\" src=\"https:\/\/urbanhouse360.com\/wp-content\/uploads\/2025\/10\/T3-R2-Coeur-Arzac-20031_defurnished.jpg\" alt=\"\" width=\"1920\" height=\"1080\" srcset=\"https:\/\/urbanhouse360.com\/wp-content\/uploads\/2025\/10\/T3-R2-Coeur-Arzac-20031_defurnished.jpg 1920w, https:\/\/urbanhouse360.com\/wp-content\/uploads\/2025\/10\/T3-R2-Coeur-Arzac-20031_defurnished-300x169.jpg 300w, https:\/\/urbanhouse360.com\/wp-content\/uploads\/2025\/10\/T3-R2-Coeur-Arzac-20031_defurnished-1024x576.jpg 1024w, https:\/\/urbanhouse360.com\/wp-content\/uploads\/2025\/10\/T3-R2-Coeur-Arzac-20031_defurnished-768x432.jpg 768w, https:\/\/urbanhouse360.com\/wp-content\/uploads\/2025\/10\/T3-R2-Coeur-Arzac-20031_defurnished-1536x864.jpg 1536w, https:\/\/urbanhouse360.com\/wp-content\/uploads\/2025\/10\/T3-R2-Coeur-Arzac-20031_defurnished-1067x600.jpg 1067w, https:\/\/urbanhouse360.com\/wp-content\/uploads\/2025\/10\/T3-R2-Coeur-Arzac-20031_defurnished-496x279.jpg 496w\" sizes=\"(max-width: 1920px) 100vw, 1920px\" \/><\/p>\n<p><img loading=\"lazy\" decoding=\"async\" class=\"alignnone wp-image-20608 size-full\" src=\"https:\/\/urbanhouse360.com\/wp-content\/uploads\/2025\/10\/T3-R2-Coeur-Arzac-Hallway-Defurnished.jpg\" alt=\"\" width=\"1920\" height=\"1080\" srcset=\"https:\/\/urbanhouse360.com\/wp-content\/uploads\/2025\/10\/T3-R2-Coeur-Arzac-Hallway-Defurnished.jpg 1920w, https:\/\/urbanhouse360.com\/wp-content\/uploads\/2025\/10\/T3-R2-Coeur-Arzac-Hallway-Defurnished-300x169.jpg 300w, https:\/\/urbanhouse360.com\/wp-content\/uploads\/2025\/10\/T3-R2-Coeur-Arzac-Hallway-Defurnished-1024x576.jpg 1024w, https:\/\/urbanhouse360.com\/wp-content\/uploads\/2025\/10\/T3-R2-Coeur-Arzac-Hallway-Defurnished-768x432.jpg 768w, https:\/\/urbanhouse360.com\/wp-content\/uploads\/2025\/10\/T3-R2-Coeur-Arzac-Hallway-Defurnished-1536x864.jpg 1536w, https:\/\/urbanhouse360.com\/wp-content\/uploads\/2025\/10\/T3-R2-Coeur-Arzac-Hallway-Defurnished-1067x600.jpg 1067w, https:\/\/urbanhouse360.com\/wp-content\/uploads\/2025\/10\/T3-R2-Coeur-Arzac-Hallway-Defurnished-496x279.jpg 496w\" sizes=\"(max-width: 1920px) 100vw, 1920px\" \/><\/p>\n<p><img loading=\"lazy\" decoding=\"async\" class=\"alignnone wp-image-20620 size-full\" src=\"https:\/\/urbanhouse360.com\/wp-content\/uploads\/2025\/10\/T3-R2-Coeur-Arzac-20031_defurnished.jpg\" alt=\"\" width=\"1920\" height=\"1080\" srcset=\"https:\/\/urbanhouse360.com\/wp-content\/uploads\/2025\/10\/T3-R2-Coeur-Arzac-20031_defurnished.jpg 1920w, https:\/\/urbanhouse360.com\/wp-content\/uploads\/2025\/10\/T3-R2-Coeur-Arzac-20031_defurnished-300x169.jpg 300w, https:\/\/urbanhouse360.com\/wp-content\/uploads\/2025\/10\/T3-R2-Coeur-Arzac-20031_defurnished-1024x576.jpg 1024w, https:\/\/urbanhouse360.com\/wp-content\/uploads\/2025\/10\/T3-R2-Coeur-Arzac-20031_defurnished-768x432.jpg 768w, https:\/\/urbanhouse360.com\/wp-content\/uploads\/2025\/10\/T3-R2-Coeur-Arzac-20031_defurnished-1536x864.jpg 1536w, https:\/\/urbanhouse360.com\/wp-content\/uploads\/2025\/10\/T3-R2-Coeur-Arzac-20031_defurnished-1067x600.jpg 1067w, https:\/\/urbanhouse360.com\/wp-content\/uploads\/2025\/10\/T3-R2-Coeur-Arzac-20031_defurnished-496x279.jpg 496w\" sizes=\"(max-width: 1920px) 100vw, 1920px\" \/><\/p>\n<p><img loading=\"lazy\" decoding=\"async\" class=\"alignnone wp-image-20621 size-full\" src=\"https:\/\/urbanhouse360.com\/wp-content\/uploads\/2025\/10\/T3-R2-Coeur-Arzac-20011_defurnished.jpg\" alt=\"\" width=\"1920\" height=\"1080\" srcset=\"https:\/\/urbanhouse360.com\/wp-content\/uploads\/2025\/10\/T3-R2-Coeur-Arzac-20011_defurnished.jpg 1920w, https:\/\/urbanhouse360.com\/wp-content\/uploads\/2025\/10\/T3-R2-Coeur-Arzac-20011_defurnished-300x169.jpg 300w, https:\/\/urbanhouse360.com\/wp-content\/uploads\/2025\/10\/T3-R2-Coeur-Arzac-20011_defurnished-1024x576.jpg 1024w, https:\/\/urbanhouse360.com\/wp-content\/uploads\/2025\/10\/T3-R2-Coeur-Arzac-20011_defurnished-768x432.jpg 768w, https:\/\/urbanhouse360.com\/wp-content\/uploads\/2025\/10\/T3-R2-Coeur-Arzac-20011_defurnished-1536x864.jpg 1536w, https:\/\/urbanhouse360.com\/wp-content\/uploads\/2025\/10\/T3-R2-Coeur-Arzac-20011_defurnished-1067x600.jpg 1067w, https:\/\/urbanhouse360.com\/wp-content\/uploads\/2025\/10\/T3-R2-Coeur-Arzac-20011_defurnished-496x279.jpg 496w\" sizes=\"(max-width: 1920px) 100vw, 1920px\" \/><\/p>\n<ul data-start=\"1246\" data-end=\"1839\">\n<li data-start=\"1384\" data-end=\"1454\">\n<p data-start=\"1386\" data-end=\"1454\"><strong data-start=\"1386\" data-end=\"1422\">Hauteurs sous plafond g\u00e9n\u00e9reuses<\/strong>, double ou triple orientation<\/p>\n<\/li>\n<li data-start=\"1455\" data-end=\"1713\">\n<p data-start=\"1457\" data-end=\"1490\"><strong data-start=\"1457\" data-end=\"1486\">Prestations haut de gamme<\/strong> :<\/p>\n<ul data-start=\"1493\" data-end=\"1713\">\n<li data-start=\"1493\" data-end=\"1518\">\n<p data-start=\"1495\" data-end=\"1518\">Menuiseries aluminium<\/p>\n<\/li>\n<li data-start=\"1521\" data-end=\"1552\">\n<p data-start=\"1523\" data-end=\"1552\">Volets roulants \u00e9lectriques<\/p>\n<\/li>\n<li data-start=\"1555\" data-end=\"1605\">\n<p data-start=\"1557\" data-end=\"1605\">Domotique compl\u00e8te (chauffage, volets, alarme)<\/p>\n<\/li>\n<li data-start=\"1608\" data-end=\"1679\">\n<p data-start=\"1610\" data-end=\"1679\">Parquet contre-coll\u00e9, peinture lisse, dalles c\u00e9ramiques en terrasse<\/p>\n<\/li>\n<li data-start=\"1682\" data-end=\"1713\">\n<p data-start=\"1684\" data-end=\"1713\">Parking en sous-sol boxable<\/p>\n<\/li>\n<\/ul>\n<\/li>\n<li data-start=\"1714\" data-end=\"1839\">\n<p data-start=\"1716\" data-end=\"1839\"><strong data-start=\"1716\" data-end=\"1761\">R\u00e9sidence respectueuse de l\u2019environnement<\/strong>, avec dispositifs hydro-\u00e9conomes et gestion intelligente des eaux pluviales<\/p>\n<\/li>\n<\/ul>\n<hr data-start=\"1841\" data-end=\"1844\" \/>\n<h3 data-start=\"1846\" data-end=\"1889\">\ud83d\udccd <strong data-start=\"1853\" data-end=\"1889\">Une adresse centrale et pratique<\/strong><\/h3>\n<ul data-start=\"1890\" data-end=\"2123\">\n<li data-start=\"1890\" data-end=\"1938\">\n<p data-start=\"1892\" data-end=\"1938\">M\u00e9tro A <strong data-start=\"1900\" data-end=\"1928\">Saint-Cyprien R\u00e9publique<\/strong> \u00e0 270 m<\/p>\n<\/li>\n<li data-start=\"1939\" data-end=\"1982\">\n<p data-start=\"1941\" data-end=\"1982\">Bus 13, 14, 31, 45, 66 \u00e0 moins de 5 min<\/p>\n<\/li>\n<li data-start=\"1983\" data-end=\"2013\">\n<p data-start=\"1985\" data-end=\"2013\"><strong data-start=\"1985\" data-end=\"2002\">Gare Matabiau<\/strong> \u00e0 2,6 km<\/p>\n<\/li>\n<li data-start=\"2014\" data-end=\"2047\">\n<p data-start=\"2016\" data-end=\"2047\"><strong data-start=\"2016\" data-end=\"2036\">A\u00e9roport Blagnac<\/strong> \u00e0 7,2 km<\/p>\n<\/li>\n<li data-start=\"2048\" data-end=\"2123\">\n<p data-start=\"2050\" data-end=\"2123\"><strong data-start=\"2050\" data-end=\"2110\">Prairie des Filtres, Port Viguerie, Th\u00e9\u00e2tre du Pont Neuf<\/strong> \u00e0 deux pas<\/p>\n<\/li>\n<\/ul>\n<hr data-start=\"2125\" data-end=\"2128\" \/>\n<h3 data-start=\"2130\" data-end=\"2157\">\ud83d\udc8e <strong data-start=\"2137\" data-end=\"2157\">Les points forts<\/strong><\/h3>\n<ul data-start=\"2158\" data-end=\"2395\">\n<li data-start=\"2158\" data-end=\"2216\">\n<p data-start=\"2160\" data-end=\"2216\">Adresse rare dans un <strong data-start=\"2181\" data-end=\"2214\">quartier historique et vivant<\/strong><\/p>\n<\/li>\n<li data-start=\"2217\" data-end=\"2279\">\n<p data-start=\"2219\" data-end=\"2279\">Impasse calme \u00e0 <strong data-start=\"2235\" data-end=\"2277\">moins de 15 minutes \u00e0 pied du Capitole<\/strong><\/p>\n<\/li>\n<li data-start=\"2280\" data-end=\"2316\">\n<p data-start=\"2282\" data-end=\"2316\">Prestations de <strong data-start=\"2297\" data-end=\"2314\">haut standing<\/strong><\/p>\n<\/li>\n<li data-start=\"2317\" data-end=\"2361\">\n<p data-start=\"2319\" data-end=\"2361\"><strong data-start=\"2319\" data-end=\"2347\">Stationnements s\u00e9curis\u00e9s<\/strong> en sous-sol<\/p>\n<\/li>\n<li data-start=\"2362\" data-end=\"2395\">\n<p data-start=\"2364\" data-end=\"2395\"><strong data-start=\"2364\" data-end=\"2395\">Livraison 3\u1d49 trimestre 2025<\/strong><\/p>\n<\/li>\n<\/ul>\n<hr data-start=\"2397\" data-end=\"2400\" \/>\n<h3 data-start=\"2402\" data-end=\"2428\">\ud83d\udcb0 <strong data-start=\"2409\" data-end=\"2428\">Offre du moment<\/strong><\/h3>\n<blockquote data-start=\"2429\" data-end=\"2575\">\n<ul data-start=\"2510\" data-end=\"2575\">\n<li data-start=\"2510\" data-end=\"2542\">\n<p data-start=\"2512\" data-end=\"2542\">T3 \u00e0 partir de <strong data-start=\"2527\" data-end=\"2540\">490 000 \u20ac<\/strong><\/p>\n<\/li>\n<li data-start=\"2545\" data-end=\"2575\">\n<p data-start=\"2547\" data-end=\"2575\">T4 \u00e0 partir de <strong data-start=\"2562\" data-end=\"2575\">620 000 \u20ac<\/strong><\/p>\n<\/li>\n<\/ul>\n<\/blockquote>\n<hr data-start=\"2577\" data-end=\"2580\" \/>\n<p data-start=\"2582\" data-end=\"2756\">\ud83d\udcde <strong data-start=\"2585\" data-end=\"2619\">UrbanHouse360 \u2013 Antoine Girard<\/strong><br data-start=\"2619\" data-end=\"2622\" \/>L\u2019Agence Immobili\u00e8re Nouvelle G\u00e9n\u00e9ration<br data-start=\"2662\" data-end=\"2665\" \/>\u27a1\ufe0f <a class=\"decorated-link\" href=\"https:\/\/urbanhouse360.com\" target=\"_new\" rel=\"noopener\" data-start=\"2668\" data-end=\"2714\">urbanhouse360.com<\/a><br data-start=\"2714\" data-end=\"2717\" \/><strong data-start=\"2717\" data-end=\"2756\">Dossier complet et plan sur demande<\/strong><\/p>\n","protected":false},"excerpt":{"rendered":"<p>\ud83c\udfe1 C\u0152UR ARZAC \u2013 Toulouse Saint-Cyprien Appartements T3 et T4 \u2013 Un lieu de vie coup de c\u0153ur dans un quartier historique pris\u00e9 \u2764\ufe0f L\u2019esprit de Saint-Cyprien \u00c0 deux pas de la Garonne et du Pont Neuf, nich\u00e9e 3 impasse Beno\u00eet Arzac, la r\u00e9sidence C\u0153ur Arzac s\u2019\u00e9panouit au c\u0153ur du quartier Saint-Cyprien, entre effervescence urbaine [&hellip;]<\/p>\n","protected":false},"author":1,"featured_media":20612,"parent":0,"menu_order":0,"template":"","property_type":[],"property_status":[142,214],"property_feature":[],"property_label":[224,98,433,384,175,377,539,389],"property_state":[],"property_city":[],"property_area":[],"class_list":["post-20604","property","type-property","status-publish","has-post-thumbnail","hentry","property_status-en-vente","property_status-programme-neuf","property_label-224","property_label-calme","property_label-centre-ville","property_label-coup-de-coeur","property_label-metro","property_label-place-hyper-centre-ville-toulouse","property_label-t3","property_label-toulouse-st-cyprien"],"property_meta":{"_edit_lock":["1770798236:1"],"_edit_last":["1"],"rs_page_bg_color":[""],"houzez_manual_expire":["0"],"_houzez_expiration_date_status":["saved"],"fave_property_map":["1"],"fave_property_location":["43.6,1.433333,14"],"houzez_geolocation_lat":["43.6"],"houzez_geolocation_long":["1.433333"],"fave_property_map_street_view":["hide"],"fave_featured":["0"],"fave_loggedintoview":["0"],"fave_agent_display_option":["author_info"],"fave_property_agency":["-1"],"fave_prop_homeslider":["no"],"fave_single_top_area":["global"],"fave_single_content_area":["global"],"_thumbnail_id":["20612"],"fave_property_map_address":["Saint-Cyprien \u2013 Une adresse rare entre charme et modernit\u00e9"],"houzez_total_property_views":["433"],"houzez_views_by_date":["a:61:{s:10:\"02-27-2026\";i:3;s:10:\"02-28-2026\";i:3;s:10:\"03-01-2026\";i:2;s:10:\"03-02-2026\";i:2;s:10:\"03-03-2026\";i:1;s:10:\"03-04-2026\";i:4;s:10:\"03-05-2026\";i:1;s:10:\"03-06-2026\";i:1;s:10:\"03-07-2026\";i:2;s:10:\"03-08-2026\";i:3;s:10:\"03-09-2026\";i:2;s:10:\"03-10-2026\";i:3;s:10:\"03-11-2026\";i:3;s:10:\"03-12-2026\";i:3;s:10:\"03-13-2026\";i:2;s:10:\"03-14-2026\";i:2;s:10:\"03-15-2026\";i:3;s:10:\"03-16-2026\";i:1;s:10:\"03-17-2026\";i:4;s:10:\"03-18-2026\";i:3;s:10:\"03-19-2026\";i:2;s:10:\"03-20-2026\";i:1;s:10:\"03-21-2026\";i:2;s:10:\"03-22-2026\";i:2;s:10:\"03-23-2026\";i:1;s:10:\"03-24-2026\";i:2;s:10:\"03-25-2026\";i:1;s:10:\"03-26-2026\";i:1;s:10:\"03-28-2026\";i:1;s:10:\"03-29-2026\";i:1;s:10:\"03-30-2026\";i:2;s:10:\"03-31-2026\";i:2;s:10:\"04-01-2026\";i:2;s:10:\"04-02-2026\";i:3;s:10:\"04-03-2026\";i:1;s:10:\"04-04-2026\";i:1;s:10:\"04-05-2026\";i:1;s:10:\"04-06-2026\";i:1;s:10:\"04-07-2026\";i:3;s:10:\"04-08-2026\";i:2;s:10:\"04-09-2026\";i:3;s:10:\"04-10-2026\";i:1;s:10:\"04-11-2026\";i:3;s:10:\"04-12-2026\";i:1;s:10:\"04-13-2026\";i:1;s:10:\"04-14-2026\";i:1;s:10:\"04-15-2026\";i:2;s:10:\"04-16-2026\";i:3;s:10:\"04-17-2026\";i:2;s:10:\"04-18-2026\";i:3;s:10:\"04-19-2026\";i:3;s:10:\"04-20-2026\";i:4;s:10:\"04-21-2026\";i:3;s:10:\"04-22-2026\";i:2;s:10:\"04-23-2026\";i:2;s:10:\"04-24-2026\";i:4;s:10:\"04-25-2026\";i:2;s:10:\"04-26-2026\";i:3;s:10:\"04-27-2026\";i:1;s:10:\"04-28-2026\";i:4;s:10:\"04-29-2026\";i:3;}"],"houzez_recently_viewed":["2026-04-29 19:30:09"],"fave_property_price":["490000"],"fave_property_sec_price":["495000"],"fave_property_price_prefix":["A partir de"],"fave_property_size":["79"],"fave_property_size_prefix":["m2"],"fave_property_bedrooms":["2"],"fave_property_rooms":["3"],"fave_property_bathrooms":["1"],"fave_property_garage":["1"],"fave_property_garage_size":["15m2"],"fave_property_year":["2025"],"fave_property_id":["uh360-T3CA"],"fave_terrasse":["13"],"houzez_total_rating":["4"]},"_links":{"self":[{"href":"https:\/\/urbanhouse360.com\/index.php\/wp-json\/wp\/v2\/properties\/20604","targetHints":{"allow":["GET"]}}],"collection":[{"href":"https:\/\/urbanhouse360.com\/index.php\/wp-json\/wp\/v2\/properties"}],"about":[{"href":"https:\/\/urbanhouse360.com\/index.php\/wp-json\/wp\/v2\/types\/property"}],"author":[{"embeddable":true,"href":"https:\/\/urbanhouse360.com\/index.php\/wp-json\/wp\/v2\/users\/1"}],"version-history":[{"count":4,"href":"https:\/\/urbanhouse360.com\/index.php\/wp-json\/wp\/v2\/properties\/20604\/revisions"}],"predecessor-version":[{"id":20971,"href":"https:\/\/urbanhouse360.com\/index.php\/wp-json\/wp\/v2\/properties\/20604\/revisions\/20971"}],"wp:featuredmedia":[{"embeddable":true,"href":"https:\/\/urbanhouse360.com\/index.php\/wp-json\/wp\/v2\/media\/20612"}],"wp:attachment":[{"href":"https:\/\/urbanhouse360.com\/index.php\/wp-json\/wp\/v2\/media?parent=20604"}],"wp:term":[{"taxonomy":"property_type","embeddable":true,"href":"https:\/\/urbanhouse360.com\/index.php\/wp-json\/wp\/v2\/property_type?post=20604"},{"taxonomy":"property_status","embeddable":true,"href":"https:\/\/urbanhouse360.com\/index.php\/wp-json\/wp\/v2\/property_status?post=20604"},{"taxonomy":"property_feature","embeddable":true,"href":"https:\/\/urbanhouse360.com\/index.php\/wp-json\/wp\/v2\/property_feature?post=20604"},{"taxonomy":"property_label","embeddable":true,"href":"https:\/\/urbanhouse360.com\/index.php\/wp-json\/wp\/v2\/property_label?post=20604"},{"taxonomy":"property_state","embeddable":true,"href":"https:\/\/urbanhouse360.com\/index.php\/wp-json\/wp\/v2\/property_state?post=20604"},{"taxonomy":"property_city","embeddable":true,"href":"https:\/\/urbanhouse360.com\/index.php\/wp-json\/wp\/v2\/property_city?post=20604"},{"taxonomy":"property_area","embeddable":true,"href":"https:\/\/urbanhouse360.com\/index.php\/wp-json\/wp\/v2\/property_area?post=20604"}],"curies":[{"name":"wp","href":"https:\/\/api.w.org\/{rel}","templated":true}]}}