{"id":11732,"date":"2021-02-09T20:59:28","date_gmt":"2021-02-09T20:59:28","guid":{"rendered":"https:\/\/www.urbanhouse360.com\/index.php\/propriete\/villa-t5-cornebarrieu\/"},"modified":"2024-11-14T10:07:25","modified_gmt":"2024-11-14T10:07:25","slug":"villa-t5-cornebarrieu","status":"publish","type":"property","link":"https:\/\/urbanhouse360.com\/index.php\/propriete\/villa-t5-cornebarrieu\/","title":{"rendered":"Villa &#8220;Green&#8221; T5 CARR\u00c9 FLORE"},"content":{"rendered":"<h2>Le programme &#8220;CARR\u00c9 FLORE&#8221;<\/h2>\n<p>Pens\u00e9 comme une cit\u00e9-jardin, la r\u00e9sidence &#8220;CARRE FLORE&#8221; s\u2019articule autour d\u2019un long parc central de 12 hectares et d\u2019un plan d\u2019eau; une sorte de petit hameau avec une prairie verdoyante, une aire de jeux et 4,5 km de pistes cyclables et pi\u00e9tonnes pour circuler librement.<\/p>\n<p>Projet novateur, projet unique en France, le programme de cette r\u00e9sidence et des 6 villas repose sur 2 grandes innovations &#8211; une 1\u00e8re en France :<\/p>\n<p>&#8211; Ossature 100% bois porteuse, bois en charpente, fibre de bois en isolant, bois en fa\u00e7ade, sols en parquet,<\/p>\n<p>&#8211; Brique de terre crue en mur porteur, forte diminution de l&#8217;utilisation b\u00e9ton, utilis\u00e9 en planch\u00e9 pour optimiser le rafraichissement l&#8217;\u00e9t\u00e9 et l&#8217;isolation acoustique du b\u00e2timent.<\/p>\n<p>Lieu de vie plus sain et une meilleure qualit\u00e9 de l\u2019air gr\u00e2ce \u00e0 la terre crue.<\/p>\n<p>Tr\u00e8s belle luminosit\u00e9 gr\u00e2ce aux appartements traversants et aux grandes baies vitr\u00e9es en aluminium donnant sur des terrasses g\u00e9n\u00e9reuses. Tous les appartements et villas pr\u00e9sentent de beaux volumes et des prestations de qualit\u00e9.<\/p>\n<p>&nbsp;<\/p>\n<h2><strong>Vivre dans l&#8217;\u00e9coquartier de Cornebarrieu\u00a0 :<\/strong><\/h2>\n<blockquote><p><strong><em>ART DE LA NATURE, HABITAT NATUREL<\/em><\/strong><\/p><\/blockquote>\n<p>Vivre dans une r\u00e9sidence verte, centr\u00e9e sur la Nature, innovante.<\/p>\n<p>La r\u00e9sidence &#8220;CARR\u00c9 FLORE&#8221; se situe dans le Quartier Monges-Croix du Sud CORNEBARRIEU (31700) R\u00e9sidence &#8220;ULTRA GREEN&#8221; &#8211;<\/p>\n<p>Situ\u00e9e au Nord Ouest de l\u2019agglom\u00e9ration\u00a0toulousaine, Cornebarrieu est au coeur du p\u00f4le\u00a0a\u00e9ronautique form\u00e9 par Toulouse-Blagnac-Colomiers et \u00e0 proximit\u00e9 du nouveau Parc des Expositions : Le MEET.<\/p>\n<p>Elle offre tous les charmes d\u2019une ville en pleine\u00a0nature ; son centre profite de tous les atouts d\u2019un\u00a0coeur de ville avec des \u00e9quipements publics\u00a0(services municipaux, la poste, complexes sportifs,\u00a0\u00e9cole de musique, m\u00e9diath\u00e8que), de nombreuses\u00a0infrastructures scolaires (cr\u00e8ches, groupes scolaires,\u00a0coll\u00e8ges et lyc\u00e9es), de nombreux commerces, des\u00a0restaurants et un march\u00e9 de plein vent.<\/p>\n<p>Les 7000 habitants b\u00e9n\u00e9ficient de la for\u00eat de\u00a0Bouconne pour des promenades en famille ou des\u00a0activit\u00e9s de plein air.<\/p>\n<p>Cornebarrieu est \u00e9galement proche du centre\u00a0commercial de Blagnac, offrant pas moins de 120\u00a0boutiques et un cin\u00e9ma M\u00e9ga CGR.<\/p>\n<p>Le centre\u00a0culturel Odyssud de Blagnac, \u00e0 seulement 10 min,\u00a0propose \u00e9galement un agenda riche en spectacles.<\/p>\n<p>&nbsp;<\/p>\n<h2>Pourquoi on aime les villas du &#8220;CARR\u00c9 FLORE&#8221; ?<\/h2>\n<p>Pour r\u00e9pondre \u00e0 la fois aux exigences de qualit\u00e9 environnementale et aux nouvelles attentes de confort, ce projet in\u00e9dit repose sur l\u2019utilisation massive de\u00a0mat\u00e9riaux naturels et biosourc\u00e9s.<\/p>\n<p>Con\u00e7ue \u00e0 partir de ressources renouvelables et recyclables, mat\u00e9riaux biosourc\u00e9s ou g\u00e9osourc\u00e9es, &#8220;Carr\u00e9 Flore&#8221; participe \u00e0 imposer de nouveaux standards de construction plus respectueux de la nature.<\/p>\n<p>Syst\u00e8me de chaufferie collective alliant gaz et \u00e9nergie solaire, Panneaux solaires photovolta\u00efques qui produisent l&#8217;\u00e9lectricit\u00e9 consomm\u00e9e par les parties communes.<\/p>\n<p>Score tr\u00e8s \u00e9lev\u00e9 en r\u00e9duction Carbone &amp; Economie d&#8217;\u00e9nergie E3-C1<\/p>\n<p>R\u00e9sidence verte : Anticipation et d\u00e9passement des exigences actuelles de la future RE2020<\/p>\n<p>&#8211; Mat\u00e9riaux naturels, biosourc\u00e9s (53% de mat\u00e9riaux biosourc\u00e9s ou g\u00e9osourc\u00e9s)<\/p>\n<p>&#8211; R\u00e9duction gaz \u00e0 effet de serre de -44% de CO2<\/p>\n<p>&#8211; Moins d&#8217;\u00e9nergie consomm\u00e9e -76% de consommation \u00e9nergie,<\/p>\n<p>Label NF HABITAT HQE BDO (B\u00e2timents Durables Occitanie).<\/p>\n<p>Projet Participatif ou les r\u00e9sidents sont acteurs de leur habitat &amp; usages.<\/p>\n<p>Logements T2 T3 T4 tourn\u00e9s vers la nature, grand confort, fonctionnels et tr\u00e8s lumineux,\u00a0villas T5 avec jardin privatif, acc\u00e8s direct au parc arbor\u00e9.<\/p>\n<p>Laur\u00e9at du projet NOWATT R\u00e9gion Occitanie :<\/p>\n<ul>\n<li>Panneaux solaires thermiques<\/li>\n<li>Panneaux photovolta\u00efques<\/li>\n<li>Patio v\u00e9g\u00e9talis\u00e9<\/li>\n<li>Local habitat gardien<\/li>\n<li>Parking en sous-sol<\/li>\n<li>enti\u00e8rement s\u00e9curis\u00e9e, double portail d&#8217;acc\u00e8s villas &amp; r\u00e9sidence<\/li>\n<\/ul>\n<h3>PAROLES D\u2019ARCHITECTE<\/h3>\n<p>Les mots de l&#8217;architecte de renom, Cl\u00e9ment VERGELY, tr\u00e8s ouvert sur la nature :<\/p>\n<blockquote><p><em>Une r\u00e9sidence &#8220;verte&#8221;, vertueuse, innovante, exemplaire qui se positionne comme la r\u00e9ponse aux attentes croissantes des consommateurs en mati\u00e8re d&#8217;environnement, de naturalit\u00e9, de bien-\u00eatre et de sant\u00e9<\/em><\/p><\/blockquote>\n<p>Les b\u00e2timents et leurs fa\u00e7ades proposent une uniformit\u00e9 de lignes et de mat\u00e9riaux pour une mise en valeur \u00e9l\u00e9gante de l\u2019arborisation.<\/p>\n<p>Chaque b\u00e2timent collectif pr\u00e9sente un patio int\u00e9rieur ou une cour v\u00e9g\u00e9talis\u00e9e, v\u00e9ritable havre de calme et de fra\u00eecheur pour les r\u00e9sidents.<\/p>\n<p>La plupart des logements traversants ou doublement orient\u00e9s, offre une luminosit\u00e9 incomparable.<\/p>\n<p>Tous les espaces ext\u00e9rieurs, terrasses, loggias ou balcons filants, se prolongent quant \u00e0 eux sur les espaces arbor\u00e9s.<\/p>\n<h2><strong>Les villas Green du CARR\u00c9 FLORE :<\/strong><\/h2>\n<p>L\u2019entr\u00e9e de la r\u00e9sidence se fait avec un badge de proximit\u00e9.<\/p>\n<ul>\n<li>Parking exclusivement en\u00a0 sous-sol.<\/li>\n<li>Portail d\u2019acc\u00e8s au parking en sous-sol avec t\u00e9l\u00e9commande individuelle.<\/li>\n<li>Local d\u00e9di\u00e9 aux 2 roues.<\/li>\n<li>Platine visiophone devant le hall d\u2019entr\u00e9e des b\u00e2timents de la r\u00e9sidence. Combin\u00e9 individuel permettant de d\u00e9verrouiller l\u2019acc\u00e8s dans tous les logements.<\/li>\n<li>Cam\u00e9ras de vid\u00e9osurveillance au sous-sol.<\/li>\n<\/ul>\n<p>Pour un plus grand confort de vie, tous les\u00a0logements sont livr\u00e9s connect\u00e9s et avec des\u00a0cuisines et des salles de bains \u00e9quip\u00e9es.<\/p>\n<p>Pour la partie s\u00e9jour, les volumes g\u00e9n\u00e9reux profitent\u00a0d\u2019une luminosit\u00e9 exceptionnelle gr\u00e2ce aux larges\u00a0baies vitr\u00e9es ouvrant sur des terrasses bois et des\u00a0balcons filants avec une vue d\u00e9gag\u00e9e sur la\u00a0v\u00e9g\u00e9tation ext\u00e9rieure.<\/p>\n<ul>\n<li>Cuisines meubl\u00e9es et \u00e9quip\u00e9es.<\/li>\n<li>Salles de bains am\u00e9nag\u00e9es.<\/li>\n<li>Carrelage gr\u00e9s \u00e9maill\u00e9 45 x 45 avec plinthes assorties.<\/li>\n<li>Peinture lisse mate velout\u00e9e.<\/li>\n<li>Baie de brassage informatique dans chaque logement.<\/li>\n<li>Placards \u00e9quip\u00e9s de penderies ou \u00e9tag\u00e8res.<\/li>\n<li>Volets roulants motoris\u00e9s et connect\u00e9s.<\/li>\n<li>D\u00e9tecteurs de fum\u00e9e.<\/li>\n<li>Box permettant de piloter \u00e0 distance les \u00e9quipements connect\u00e9s.<\/li>\n<li>Rev\u00eatement stratifi\u00e9 hors pi\u00e8ces d\u2019eau. Rev\u00eatement en parquet contrecoll\u00e9 au RDC hors pi\u00e8ces d\u2019eau.<\/li>\n<li>Chauffage par chaudi\u00e8re individuelle\u00a0 gaz \u00e0 condensation avec appoint solaire (panneaux solaire en toiture).<\/li>\n<li>Portes de distribution thermolaqu\u00e9es avec finitions haut de gamme.<\/li>\n<\/ul>\n<p>&nbsp;<\/p>\n<h2><strong>Les appartements\u00a0<\/strong><strong>du CARR\u00c9 FLORE :<\/strong><\/h2>\n<ul>\n<li>Cuisines meubl\u00e9es et \u00e9quip\u00e9es.<\/li>\n<li>Salles de bains am\u00e9nag\u00e9es.<\/li>\n<li>Carrelage gr\u00e9s \u00e9maill\u00e9 45 x 45 avec plinthes assorties.<\/li>\n<li>Peinture lisse mate velout\u00e9e.<\/li>\n<li>Baie de brassage informatique dans chaque logement.<\/li>\n<li>Placards \u00e9quip\u00e9s de penderies ou \u00e9tag\u00e8res.<\/li>\n<li>Volets roulants motoris\u00e9s et connect\u00e9s dans les appartements T4.<\/li>\n<li>Rev\u00eatement stratifi\u00e9 hors pi\u00e8ces d\u2019eau, pour tous les logements.<\/li>\n<li>Chaufferie collective alliant gaz et energie solaire alimentant le chauffage et l\u2019eau chaude sanitaire.<\/li>\n<li>Portes de distribution thermolaqu\u00e9es avec finitions haut de gamme.<\/li>\n<\/ul>\n","protected":false},"excerpt":{"rendered":"<p>Le programme &#8220;CARR\u00c9 FLORE&#8221; Pens\u00e9 comme une cit\u00e9-jardin, la r\u00e9sidence &#8220;CARRE FLORE&#8221; s\u2019articule autour d\u2019un long parc central de 12 hectares et d\u2019un plan d\u2019eau; une sorte de petit hameau avec une prairie verdoyante, une aire de jeux et 4,5 km de pistes cyclables et pi\u00e9tonnes pour circuler librement. Projet novateur, projet unique en France, [&hellip;]<\/p>\n","protected":false},"author":8,"featured_media":11729,"parent":0,"menu_order":0,"template":"","property_type":[206],"property_status":[214,367],"property_feature":[96,25,106,87],"property_label":[304,310,319,309,314,320,257,245,318,312,199,311,315,313,321,317],"property_state":[71],"property_city":[322],"property_area":[],"class_list":["post-11732","property","type-property","status-publish","has-post-thumbnail","hentry","property_type-t5","property_status-programme-neuf","property_status-vente-terminee","property_feature-jardin","property_feature-lawn","property_feature-placards-amenages","property_feature-terrasse","property_label-304","property_label-carreflore","property_label-solaire","property_label-cornebarrieu","property_label-facadebois","property_label-gardien","property_label-jardinpaysage","property_label-jardin-potager","property_label-materiauxnaturels","property_label-murs-en-terre-crue","property_label-nf-habitat-hqe","property_label-e3c1","property_label-ossaturebois","property_label-patiovegetalise","property_label-securise","property_label-residenceverte","property_state-haute-garonne","property_city-cornebarrieu"],"property_meta":{"fave_property_price":["474900"],"fave_property_size":["124,9"],"fave_property_size_prefix":["m\u00b2"],"fave_property_land":["124,9"],"fave_property_land_postfix":["m\u00b2"],"fave_property_bedrooms":["2"],"fave_property_bathrooms":["1"],"fave_property_id":["2042"],"fave_video_url":["https:\/\/www.youtube.com\/watch?v=ycuKFsbcsAc"],"_thumbnail_id":["11729"],"fave_property_zip":["31700"],"fave_additional_features_enable":["enable"],"fave_featured":["0"],"fave_payment_status":["not_paid"],"fave_agent_display_option":["agent_info"],"fave_property_map_address":["3-5 Rue Louis Bl\u00e9riot, Cornebarrieu, France"],"fave_property_address":["3-5 Rue Louis Bl\u00e9riot, Cornebarrieu, France"],"houzez_geolocation_lat":["43.640742011917"],"houzez_geolocation_long":["1.3130637862305"],"fave_property_location":["43.640742011917,1.3130637862305,16"],"fave_property_map":["1"],"fave_property_map_street_view":["show"],"houzez_total_property_views":["1894"],"houzez_views_by_date":["a:61:{s:10:\"02-18-2026\";i:2;s:10:\"02-19-2026\";i:2;s:10:\"02-20-2026\";i:2;s:10:\"02-21-2026\";i:2;s:10:\"02-22-2026\";i:2;s:10:\"02-24-2026\";i:1;s:10:\"02-25-2026\";i:3;s:10:\"02-26-2026\";i:2;s:10:\"02-27-2026\";i:2;s:10:\"02-28-2026\";i:2;s:10:\"03-01-2026\";i:2;s:10:\"03-02-2026\";i:1;s:10:\"03-03-2026\";i:2;s:10:\"03-04-2026\";i:1;s:10:\"03-05-2026\";i:2;s:10:\"03-06-2026\";i:2;s:10:\"03-07-2026\";i:2;s:10:\"03-08-2026\";i:2;s:10:\"03-09-2026\";i:2;s:10:\"03-10-2026\";i:1;s:10:\"03-11-2026\";i:3;s:10:\"03-12-2026\";i:3;s:10:\"03-14-2026\";i:1;s:10:\"03-15-2026\";i:4;s:10:\"03-16-2026\";i:1;s:10:\"03-17-2026\";i:1;s:10:\"03-18-2026\";i:2;s:10:\"03-19-2026\";i:1;s:10:\"03-20-2026\";i:1;s:10:\"03-21-2026\";i:1;s:10:\"03-23-2026\";i:2;s:10:\"03-24-2026\";i:1;s:10:\"03-25-2026\";i:2;s:10:\"03-26-2026\";i:2;s:10:\"03-28-2026\";i:2;s:10:\"03-30-2026\";i:3;s:10:\"03-31-2026\";i:1;s:10:\"04-01-2026\";i:3;s:10:\"04-02-2026\";i:1;s:10:\"04-03-2026\";i:3;s:10:\"04-04-2026\";i:2;s:10:\"04-05-2026\";i:1;s:10:\"04-06-2026\";i:1;s:10:\"04-07-2026\";i:2;s:10:\"04-08-2026\";i:2;s:10:\"04-10-2026\";i:2;s:10:\"04-11-2026\";i:1;s:10:\"04-12-2026\";i:4;s:10:\"04-13-2026\";i:1;s:10:\"04-14-2026\";i:1;s:10:\"04-15-2026\";i:2;s:10:\"04-16-2026\";i:1;s:10:\"04-17-2026\";i:2;s:10:\"04-18-2026\";i:1;s:10:\"04-20-2026\";i:1;s:10:\"04-21-2026\";i:3;s:10:\"04-22-2026\";i:2;s:10:\"04-24-2026\";i:3;s:10:\"04-25-2026\";i:2;s:10:\"04-26-2026\";i:2;s:10:\"04-29-2026\";i:1;}"],"houzez_recently_viewed":["2026-04-29 07:21:59"],"_edit_lock":["1731578852:1"],"_edit_last":["1"],"rs_page_bg_color":[""],"fave_property_agency":["-1"],"fave_single_top_area":["v2"],"fave_single_content_area":["tabs"],"houzez_manual_expire":["0"],"_houzez_expiration_date_status":["saved"],"fave_loggedintoview":["0"],"fave_property_garage":["2"],"fave_property_year":["2022"],"floor_plans":["a:1:{i:0;a:6:{s:15:\"fave_plan_title\";s:45:\"Plan 2D Villa Green Carr\u00e9 Flore Cornebarrieu\";s:15:\"fave_plan_rooms\";s:1:\"3\";s:19:\"fave_plan_bathrooms\";s:1:\"2\";s:15:\"fave_plan_price\";s:6:\"474900\";s:15:\"fave_plan_image\";s:124:\"https:\/\/urbanhouse360.com\/wp-content\/uploads\/2021\/02\/plans_de_vente_villas-carre_flore-cornebarrieu-urbanhouse360-scaled.jpg\";s:21:\"fave_plan_description\";s:143:\"S\u00e9jour - cuisine 39m2,  4 chambres, 1 salle de bain, 1 salle d'eau, 2 WC, 3 rangements, 1 d\u00e9gagement.\r\nJardin, Local ext\u00e9rieur, local v\u00e9los\";}}"],"fave_energy_class":["A+"],"fave_property_images":["11723","11721","11722","11720","11724","11725","11726","11728","11729","11739","11740","11741","11742","11743","11744","11746","11747","11748","11749","11750","11751","11752","11753","11754","11755","11756","11758","11759","11760","11761","11762","11763","11764","11765","11766","11767","11768","11769","11770","11771","11772","11773","11774","11775","11776","11777","11778","11779","11780","11781","11782"],"fave_agents":["158"]},"_links":{"self":[{"href":"https:\/\/urbanhouse360.com\/index.php\/wp-json\/wp\/v2\/properties\/11732","targetHints":{"allow":["GET"]}}],"collection":[{"href":"https:\/\/urbanhouse360.com\/index.php\/wp-json\/wp\/v2\/properties"}],"about":[{"href":"https:\/\/urbanhouse360.com\/index.php\/wp-json\/wp\/v2\/types\/property"}],"author":[{"embeddable":true,"href":"https:\/\/urbanhouse360.com\/index.php\/wp-json\/wp\/v2\/users\/8"}],"version-history":[{"count":10,"href":"https:\/\/urbanhouse360.com\/index.php\/wp-json\/wp\/v2\/properties\/11732\/revisions"}],"predecessor-version":[{"id":11737,"href":"https:\/\/urbanhouse360.com\/index.php\/wp-json\/wp\/v2\/properties\/11732\/revisions\/11737"}],"wp:featuredmedia":[{"embeddable":true,"href":"https:\/\/urbanhouse360.com\/index.php\/wp-json\/wp\/v2\/media\/11729"}],"wp:attachment":[{"href":"https:\/\/urbanhouse360.com\/index.php\/wp-json\/wp\/v2\/media?parent=11732"}],"wp:term":[{"taxonomy":"property_type","embeddable":true,"href":"https:\/\/urbanhouse360.com\/index.php\/wp-json\/wp\/v2\/property_type?post=11732"},{"taxonomy":"property_status","embeddable":true,"href":"https:\/\/urbanhouse360.com\/index.php\/wp-json\/wp\/v2\/property_status?post=11732"},{"taxonomy":"property_feature","embeddable":true,"href":"https:\/\/urbanhouse360.com\/index.php\/wp-json\/wp\/v2\/property_feature?post=11732"},{"taxonomy":"property_label","embeddable":true,"href":"https:\/\/urbanhouse360.com\/index.php\/wp-json\/wp\/v2\/property_label?post=11732"},{"taxonomy":"property_state","embeddable":true,"href":"https:\/\/urbanhouse360.com\/index.php\/wp-json\/wp\/v2\/property_state?post=11732"},{"taxonomy":"property_city","embeddable":true,"href":"https:\/\/urbanhouse360.com\/index.php\/wp-json\/wp\/v2\/property_city?post=11732"},{"taxonomy":"property_area","embeddable":true,"href":"https:\/\/urbanhouse360.com\/index.php\/wp-json\/wp\/v2\/property_area?post=11732"}],"curies":[{"name":"wp","href":"https:\/\/api.w.org\/{rel}","templated":true}]}}